{"id":1235,"date":"2018-07-12T08:58:42","date_gmt":"2018-07-12T06:58:42","guid":{"rendered":"https:\/\/blog.imageaccess.de\/?page_id=1235"},"modified":"2018-07-12T08:58:42","modified_gmt":"2018-07-12T06:58:42","slug":"gemalde-textilien-und-sogar-schwerter-im-landesmuseum-wurttemberg-zeigte-der-image-access-kunstscanner-seine-vielfaltigkeit","status":"publish","type":"page","link":"https:\/\/blog.imageaccess.de\/?page_id=1235","title":{"rendered":"Gem\u00e4lde, Textilien und sogar Schwerter &#8211; Im Landesmuseum W\u00fcrttemberg zeigte der Image Access Kunstscanner  seine Vielf\u00e4ltigkeit"},"content":{"rendered":"\n\t\t<style type=\"text\/css\">\n\t\t\t#gallery-1 {\n\t\t\t\tmargin: auto;\n\t\t\t}\n\t\t\t#gallery-1 .gallery-item {\n\t\t\t\tfloat: left;\n\t\t\t\tmargin-top: 10px;\n\t\t\t\ttext-align: center;\n\t\t\t\twidth: 33%;\n\t\t\t}\n\t\t\t#gallery-1 img {\n\t\t\t\tborder: 2px solid #cfcfcf;\n\t\t\t}\n\t\t\t#gallery-1 .gallery-caption {\n\t\t\t\tmargin-left: 0;\n\t\t\t}\n\t\t\t\/* see gallery_shortcode() in wp-includes\/media.php *\/\n\t\t<\/style>\n\t\t<div id='gallery-1' class='gallery galleryid-1235 gallery-columns-3 gallery-size-thumbnail'><dl class='gallery-item'>\n\t\t\t<dt class='gallery-icon landscape'>\n\t\t\t\t<a href='https:\/\/blog.imageaccess.de\/?attachment_id=1176'><img loading=\"lazy\" decoding=\"async\" width=\"300\" height=\"225\" src=\"https:\/\/blog.imageaccess.de\/wp-content\/uploads\/2018\/07\/IMG_1972.jpg\" class=\"attachment-thumbnail size-thumbnail\" alt=\"\" aria-describedby=\"gallery-1-1176\" \/><\/a>\n\t\t\t<\/dt>\n\t\t\t\t<dd class='wp-caption-text gallery-caption' id='gallery-1-1176'>\n\t\t\t\tVeranstaltungsort Landesmuseum W\u00fcrttemberg \n\t\t\t\t<\/dd><\/dl><dl class='gallery-item'>\n\t\t\t<dt class='gallery-icon landscape'>\n\t\t\t\t<a href='https:\/\/blog.imageaccess.de\/?attachment_id=1181'><img loading=\"lazy\" decoding=\"async\" width=\"300\" height=\"225\" src=\"https:\/\/blog.imageaccess.de\/wp-content\/uploads\/2018\/07\/IMG_1981.jpg\" class=\"attachment-thumbnail size-thumbnail\" alt=\"\" aria-describedby=\"gallery-1-1181\" \/><\/a>\n\t\t\t<\/dt>\n\t\t\t\t<dd class='wp-caption-text gallery-caption' id='gallery-1-1181'>\n\t\t\t\tManfred Grandis, Image Access Vertriebsleiter S\u00fcd-West, pr\u00e4sentiert den \nWideTEK 36ART\n\t\t\t\t<\/dd><\/dl><dl class='gallery-item'>\n\t\t\t<dt class='gallery-icon landscape'>\n\t\t\t\t<a href='https:\/\/blog.imageaccess.de\/?attachment_id=1184'><img loading=\"lazy\" decoding=\"async\" width=\"300\" height=\"225\" src=\"https:\/\/blog.imageaccess.de\/wp-content\/uploads\/2018\/07\/IMG_1988-1.jpg\" class=\"attachment-thumbnail size-thumbnail\" alt=\"\" aria-describedby=\"gallery-1-1184\" \/><\/a>\n\t\t\t<\/dt>\n\t\t\t\t<dd class='wp-caption-text gallery-caption' id='gallery-1-1184'>\n\t\t\t\tSelbst Schwerter und Dolche wurden als Testobjekte gescannt\n\t\t\t\t<\/dd><\/dl><br style=\"clear: both\" \/>\n\t\t<\/div>\n\n<p>Erneut wurde der einzigartige <a title=\"Zur schonenden Digitalisierung von Kunstwerken &amp; Gem\u00e4lden durch ber\u00fchrungsloses Scannen f\u00fcr Museen, Kunsthandel, Auktionsh\u00e4user. Der Kunstscanner, Museumsscanner, Gro\u00dfformatscanner.\" href=\"https:\/\/www.imageaccess.de\/?page=ScannersWT36ART-600&amp;lang=de\" target=\"_blank\" rel=\"noopener\">WideTEK<sup>\u00ae<\/sup> 36ART<\/a> einem breiten Fachpublikum pr\u00e4sentiert.<\/p>\n<p>Auf Einladung des <a href=\"https:\/\/www.landesmuseum-stuttgart.de\/\" target=\"_blank\" rel=\"noopener\">Landesmuseums W\u00fcrttemberg<\/a><a title=\"Landesmuseums W\u00fcrttemberg\" href=\"https:\/\/www.landesmuseum-stuttgart.de\/\" target=\"_blank\" rel=\"noopener\"><\/a> kamen k\u00fcrzlich u. a. Restauratoren, Kuratoren und Ausstellungskoordinatoren mit Image Access zusammen, um sich &#8220;live und in Farbe&#8221; von den Scanergebnissen begeistern zu lassen.<\/p>\n<p><span>Manfred Grandis, Image Access Vertriebsleiter im Raum Baden-W\u00fcrttemberg, zeigte sich nach der Pr\u00e4sentation und den Testl\u00e4ufen sehr zufrieden. &#8220;Da der Kunstscanner urspr\u00fcnglich f\u00fcr das Digitalisieren von Gem\u00e4lden entwickelt wurde, war das Scannen von Objekten aus den Museen, insbesondere von arch\u00e4ologischen Funden wie Schwertern, f\u00fcr uns als Hersteller genauso spannend wie f\u00fcr die Teilnehmer. Dankenswerter Weise hat uns das Landesmuseum W\u00fcrttemberg eine gro\u00dfe Anzahl verschiedener Objekte zur Verf\u00fcgung gestellt, woraus wir viele interessante Erkenntnisse gewinnen konnten. Wir freuen uns, mit dem WideTEK 36ART ein Ger\u00e4t anbieten zu k\u00f6nnen, das insbesondere durch seine hochaufl\u00f6sende 3D Strukturerfassung f\u00fcr wissenschaftliche Analysen geeignet ist.&#8221; <\/span><\/p>\n<p>Mitarbeiter des Lindenmuseums, der Staatsgalerie Stuttgart, des Stadtarchivs Stuttgart, des Kunstmuseums sowie des Ludwigsburg Museums geh\u00f6rten zu den Teilnehmern, die von der Bildqualit\u00e4t des WideTEK 36ART sehr beeindruckt waren. Gescannt wurden u. a. Gem\u00e4lde, Keramikfunde, Textilien, Glasobjekte, aber auch Stoffe, Blankwaffen (Schwerter, Dolche) oder komplexe Kunstwerke wie z.B. ein Ziffernblatt.<\/p>\n<p>&#8220;Am 26. und 28. Juni 2018 wurde in den Restaurierungs-Werkst\u00e4tten des Landesmuseums W\u00fcrttemberg der ART Scanner von Restauratorinnen und Restauratoren aus den staatlichen und kommunalen Museen der Region Stuttgart getestet. Die Fragestellung ging insbesondere in den Bereich, in wie weit kleinformatiges, dreidimensionales Kulturgut durch den Scanner erfasst wird. Anwendungsbereiche sollen vor allem die Mengenerfassung bei Umz\u00fcgen von deponiertem Kulturgut sein. Die Pr\u00e4sentation erzeugte reges Interesse und war sehr gut besucht. Die Verwendung f\u00fcr die Bereiche Kunst, Archiv und kunsthistorisches Kulturgut werden in den jeweiligen Einrichtungen weiter verfolgt&#8221;, erkl\u00e4rt Jan Warnecke, Leiter Ausstellungskoordination Werkst\u00e4tten, Sammlungsdienste \u00fcber den Hintergrund der Vorf\u00fchrung.<\/p>\n<p>Sie haben auch Interesse an einer Teststellung und m\u00f6chten gerne mehr \u00fcber unseren Spezialscanner erfahren? <a href=\"https:\/\/www.imageaccess.de\/?page=Contact&amp;lang=de\">Hier<\/a> k\u00f6nnen Sie Kontakt zu uns aufnehmen.<\/p>\n","protected":false},"excerpt":{"rendered":"<p>Erneut wurde der einzigartige WideTEK\u00ae 36ART einem breiten Fachpublikum pr\u00e4sentiert. Auf Einladung des Landesmuseums W\u00fcrttemberg kamen k\u00fcrzlich u. a. Restauratoren, Kuratoren und Ausstellungskoordinatoren mit Image Access zusammen, um sich &#8220;live und in Farbe&#8221; von den Scanergebnissen begeistern zu lassen. Manfred Grandis, Image Access Vertriebsleiter im Raum Baden-W\u00fcrttemberg, zeigte sich nach [&hellip;]<\/p>\n","protected":false},"author":4,"featured_media":1182,"parent":0,"menu_order":0,"comment_status":"closed","ping_status":"closed","template":"","meta":{"footnotes":""},"class_list":["post-1235","page","type-page","status-publish","has-post-thumbnail","hentry"],"_links":{"self":[{"href":"https:\/\/blog.imageaccess.de\/index.php?rest_route=\/wp\/v2\/pages\/1235","targetHints":{"allow":["GET"]}}],"collection":[{"href":"https:\/\/blog.imageaccess.de\/index.php?rest_route=\/wp\/v2\/pages"}],"about":[{"href":"https:\/\/blog.imageaccess.de\/index.php?rest_route=\/wp\/v2\/types\/page"}],"author":[{"embeddable":true,"href":"https:\/\/blog.imageaccess.de\/index.php?rest_route=\/wp\/v2\/users\/4"}],"replies":[{"embeddable":true,"href":"https:\/\/blog.imageaccess.de\/index.php?rest_route=%2Fwp%2Fv2%2Fcomments&post=1235"}],"version-history":[{"count":3,"href":"https:\/\/blog.imageaccess.de\/index.php?rest_route=\/wp\/v2\/pages\/1235\/revisions"}],"predecessor-version":[{"id":1238,"href":"https:\/\/blog.imageaccess.de\/index.php?rest_route=\/wp\/v2\/pages\/1235\/revisions\/1238"}],"wp:featuredmedia":[{"embeddable":true,"href":"https:\/\/blog.imageaccess.de\/index.php?rest_route=\/wp\/v2\/media\/1182"}],"wp:attachment":[{"href":"https:\/\/blog.imageaccess.de\/index.php?rest_route=%2Fwp%2Fv2%2Fmedia&parent=1235"}],"curies":[{"name":"wp","href":"https:\/\/api.w.org\/{rel}","templated":true}]}}